{"id":4018,"date":"2020-09-24T11:14:31","date_gmt":"2020-09-24T11:14:31","guid":{"rendered":"https:\/\/cajas.essedi.es\/?page_id=3"},"modified":"2022-10-14T06:36:07","modified_gmt":"2022-10-14T06:36:07","slug":"privacy-policy-2","status":"publish","type":"page","link":"https:\/\/www.embalafacil.es\/?page_id=4018","title":{"rendered":"Pol\u00edtica de garant\u00eda"},"content":{"rendered":"<p>[vc_row][vc_column][vc_column_text animation_delay=\u00bb0&#8243;]<\/p>\n<div class=\"row simple_cms\">\n<div class=\"col-md-12 text-center\">\n<h1 class=\"orange-color\">Pol\u00edticas de garant\u00eda<\/h1>\n<\/div>\n<\/div>\n<div class=\"row simple_cms\">\n<div class=\"col-md-12\">\n<p><strong>ANEXO \u201cCondiciones Generales de Garant\u00eda\u201d<\/strong><\/p>\n<p>Materiales que por su propia naturaleza est\u00e1n sometidos a un determinado nivel de riesgo de fallo, supuesto en el que se le atender\u00e1 en garant\u00eda, en los t\u00e9rminos y condiciones generales contenidos en este texto, sin perjuicio de que las normativas espec\u00edficas puedan ampliar plazos en supuestos concretos, en los que se atender\u00e1 dicha normativa.<\/p>\n<h3 class=\"orange-color\"><strong>VENTA<\/strong><\/h3>\n<p>1) En caso de que detectemos alg\u00fan error o anomal\u00eda en la pieza, se informar\u00e1 al cliente por si todav\u00eda es de su inter\u00e9s.<br \/>\n2) Los precios no llevan incluidos los gastos de env\u00edo. Estos se calculan dependiendo de la distancia y las medidas del paquete final.<\/p>\n<h3 class=\"orange-color\"><strong>TRANSPORTE<\/strong><\/h3>\n<p>1) A la recepci\u00f3n de la mercanc\u00eda, debe asegurarse que externamente el paquete est\u00e1 en buenas condiciones. En caso contrario, deber\u00e1 reflejar la incidencia en el albar\u00e1n del transportista y notificarlo al departamento de incidencias a trav\u00e9s de correo electr\u00f3nico al e-mail: <a class=\"theme\" href=\"mailto:asimar@asimar.es\" target=\"_blank\" rel=\"noopener noreferrer\">asimar@asimar.es<\/a>. Para cualquier otro tipo de desperfectos por transporte, pasadas 24h ASIMAR ASISTENCIA SL con CIF B96272711 no podr\u00e1 hacerse responsable de reclamar a la empresa de transportes.<br \/>\n2) En caso de que la mercanc\u00eda sea recogida por una empresa contratada y pagada por el cliente, ASIMAR ASISTENCIA SL con CIF B96272711 no se har\u00e1 cargo de posibles incidencias en el env\u00edo.<\/p>\n<h3 class=\"orange-color\"><strong>DEVOLUCI\u00d3N<\/strong><\/h3>\n<p>1) No se aceptar\u00e1n devoluciones sin previo aviso y\/o fuera de los plazos establecidos.<br \/>\n2) Para la devoluci\u00f3n de piezas err\u00f3neas o defectuosas, dispone de los 14 d\u00edas siguientes a la entrega (seg\u00fan la Ley 3\/2014 cap\u00edtulo IV\u00a0 art. 71 del 27 de marzo de 2014). Salvo las centralitas y el material electr\u00f3nico que no tienen ning\u00fan tipo de garant\u00eda ni se acepta devoluci\u00f3n alguna, por la imposibilidad de la empresa de poder probar la manipulaci\u00f3n por parte del cliente, una vez entregada. Son materiales que se venden para su reacondicionamiento por personal especializado y a un precio acorde a dicho fin.<br \/>\n3) En caso de devoluci\u00f3n por error del cliente (fallo de modelo, versi\u00f3n, a\u00f1o, referencia, etc.), los gastos de recogida correr\u00e1n a su cargo, ya que la devoluci\u00f3n es por causa no imputable a la empresa.<br \/>\n4) En caso de devoluci\u00f3n por defectuosa, los gastos de recogida correr\u00e1n a cargo de ASIMAR ASISTENCIA SL con CIF B96272711 Una vez recibida la pieza en nuestras instalaciones y tras comprobar que es nuestro recambio, se realizar\u00e1 la devoluci\u00f3n del importe facturado.<br \/>\n5) S\u00f3lo se proceder\u00e1 a la devoluci\u00f3n del importe efectivo cuando no sea posible la reparaci\u00f3n o sustituci\u00f3n de la pieza adquirida. No se hacen devoluciones en efectivo por causa diferente a la imposibilidad de sustituir o reparar una pieza defectuosa.<br \/>\n6) El proceso de la devoluci\u00f3n inicia cuando se recibe una notificaci\u00f3n por escrito, mediante correo postal o por correo electr\u00f3nico, a la direcci\u00f3n:<\/p>\n<p>Avenida Carlet, 50. 46250 , L\u2019Alcudia, Valencia, Espa\u00f1a, ASIMAR ASISTENCIA SL con CIF B96272711 y a la atenci\u00f3n del departamento de incidencias, e-mail: asimar@asimar.es . En ambos casos debe indicar el n\u00famero de factura y el motivo de la devoluci\u00f3n.<br \/>\n7) Para verificar su origen, los art\u00edculos son debidamente marcados y fotografiados antes de salir de nuestras instalaciones. No se aceptar\u00e1n devoluciones de piezas con alteraciones evidentes en estas marcas. La pieza deber\u00e1 llegar a nuestras instalaciones en las mismas condiciones y embalaje que la recibi\u00f3.<\/p>\n<h3 class=\"orange-color\"><strong>GARANT\u00cdA LIMITADA<\/strong><\/h3>\n<p>1) Todas las piezas ofrecidas por ASIMAR ASISTENCIA SL con CIF B96272711 cuentan con garant\u00eda limitada de 6 meses como m\u00ednimo, conforme a la normativa vigente en cada caso. S\u00f3lo se admitir\u00e1 como prueba de compra la factura o factura simplificada en su caso, cuya fecha coincidir\u00e1 con la de inicio de nuestra garant\u00eda limitada y supeditada al montaje de personal cualificado en talleres autorizados y exento de manipulaci\u00f3n, demostrado siempre con la factura oficial de montaje.<br \/>\n2) Si durante este per\u00edodo se produjese cualquier tipo de fallo o anomal\u00eda en la pieza, tras la devoluci\u00f3n y comprobaci\u00f3n se le ofrecer\u00e1, si procede, otra pieza de iguales caracter\u00edsticas, o el importe facturado de la pieza en caso de no disponer de ella.<br \/>\n3) Quedan excluidos de esta garant\u00eda los repuestos sometidos a un uso indebido y los da\u00f1ados durante el montaje o por causas externas.<br \/>\n4) Cualquier accesorio que est\u00e9 adherido al objeto de venta y no est\u00e9 especificado en la factura, tambi\u00e9n quedar\u00e1 excluido de este per\u00edodo de garant\u00eda limitada.<br \/>\n5) La prueba del defecto recae en todo caso en el cliente, qui\u00e9n deber\u00e1 notificarlo a la empresa a la mayor brevedad posible al departamento de incidencias, mediante correo electr\u00f3nico a la siguiente direcci\u00f3n: soluciones@donocasion.es.<br \/>\n6) En ning\u00fan caso deber\u00e1 intentar manipular nada originalmente da\u00f1ado o defectuoso, sin una autorizaci\u00f3n previa por nuestra parte.<br \/>\n7) Todas nuestras piezas est\u00e1n fotografiadas y marcadas con esmero. Los c\u00f3digos y referencias originales de la pieza deben ser comprobados y confirmados con el cliente. Estos pueden estar escritos entre las caracter\u00edsticas del art\u00edculo o fotografiados de manera p\u00fablica. La compatibilidad de la pieza debe comprobarla el cliente, los empleados de ASIMAR ASISTENCIA SL con CIF B96272711 ayudar\u00e1n y asesorar\u00e1n.<\/p>\n<p>&nbsp;<\/p>\n<p>Sino est\u00e1 conforme con todas o alguna de las especificaciones de este documento, le rogamos que nos devuelva el material sin abrir y sin retirar cualquier precinto. La manipulaci\u00f3n del precinto conllevar\u00e1 la ACEPTACI\u00d3N de nuestra pol\u00edtica de GARANT\u00cdA, CAMBIOS Y DEVOLUCIONES reflejada en el ANEXO \u00abCondiciones Generales de Garant\u00eda\u00bb.<\/p>\n<p>* Todos estos cambios deben justificarse con la factura correspondiente a trav\u00e9s de escrito. Bien por correo postal a: Avenida Carlet, 50, 46250, L\u2019Alcudia, Valencia, Espa\u00f1a con CIF B96272711 o mediante correo electr\u00f3nico al e-mail: asimar@asimar.es.<\/p>\n<p>El cliente acepta estas condiciones por la publicaci\u00f3n en la p\u00e1gina WEB www.cajas.essedi.es, a trav\u00e9s de env\u00edo por e-mail y\/o la entrega de las mismas con el paquete de la mercanc\u00eda enviada o recogida en nuestras instalaciones.<\/p>\n<p>A tal efecto, tras haberlo le\u00eddo y aprobado, la compra se supedita al conocimiento y aceptaci\u00f3n de estas condiciones.<\/p>\n<\/div>\n<\/div>\n<p>[\/vc_column_text][\/vc_column][\/vc_row]<\/p>\n","protected":false},"excerpt":{"rendered":"<p>[vc_row][vc_column][vc_column_text animation_delay=\u00bb0&#8243;] Pol\u00edticas de garant\u00eda ANEXO \u201cCondiciones Generales de Garant\u00eda\u201d Materiales que por su propia naturaleza est\u00e1n sometidos a un determinado nivel de riesgo de fallo, supuesto en el que se le atender\u00e1 en garant\u00eda, en los t\u00e9rminos y condiciones generales contenidos en este texto, sin perjuicio de que las normativas espec\u00edficas puedan ampliar plazos [&hellip;]<\/p>\n","protected":false},"author":1,"featured_media":0,"parent":0,"menu_order":0,"comment_status":"closed","ping_status":"open","template":"","meta":{"footnotes":""},"class_list":["post-4018","page","type-page","status-publish","hentry"],"yoast_head":"<!-- This site is optimized with the Yoast SEO plugin v24.9 - https:\/\/yoast.com\/wordpress\/plugins\/seo\/ -->\n<title>Pol\u00edtica de garant\u00eda - Cajas<\/title>\n<meta name=\"robots\" content=\"index, follow, max-snippet:-1, max-image-preview:large, max-video-preview:-1\" \/>\n<link rel=\"canonical\" href=\"https:\/\/www.embalafacil.es\/?page_id=4018\" \/>\n<meta property=\"og:locale\" content=\"es_ES\" \/>\n<meta property=\"og:type\" content=\"article\" \/>\n<meta property=\"og:title\" content=\"Pol\u00edtica de garant\u00eda - Cajas\" \/>\n<meta property=\"og:description\" content=\"[vc_row][vc_column][vc_column_text animation_delay=\u00bb0&#8243;] Pol\u00edticas de garant\u00eda ANEXO \u201cCondiciones Generales de Garant\u00eda\u201d Materiales que por su propia naturaleza est\u00e1n sometidos a un determinado nivel de riesgo de fallo, supuesto en el que se le atender\u00e1 en garant\u00eda, en los t\u00e9rminos y condiciones generales contenidos en este texto, sin perjuicio de que las normativas espec\u00edficas puedan ampliar plazos [&hellip;]\" \/>\n<meta property=\"og:url\" content=\"https:\/\/www.embalafacil.es\/?page_id=4018\" \/>\n<meta property=\"og:site_name\" content=\"Cajas\" \/>\n<meta property=\"article:modified_time\" content=\"2022-10-14T06:36:07+00:00\" \/>\n<meta name=\"twitter:card\" content=\"summary_large_image\" \/>\n<meta name=\"twitter:label1\" content=\"Tiempo de lectura\" \/>\n\t<meta name=\"twitter:data1\" content=\"5 minutos\" \/>\n<script type=\"application\/ld+json\" class=\"yoast-schema-graph\">{\"@context\":\"https:\/\/schema.org\",\"@graph\":[{\"@type\":\"WebPage\",\"@id\":\"https:\/\/www.embalafacil.es\/?page_id=4018\",\"url\":\"https:\/\/www.embalafacil.es\/?page_id=4018\",\"name\":\"Pol\u00edtica de garant\u00eda - Cajas\",\"isPartOf\":{\"@id\":\"https:\/\/www.embalafacil.es\/#website\"},\"datePublished\":\"2020-09-24T11:14:31+00:00\",\"dateModified\":\"2022-10-14T06:36:07+00:00\",\"breadcrumb\":{\"@id\":\"https:\/\/www.embalafacil.es\/?page_id=4018#breadcrumb\"},\"inLanguage\":\"es\",\"potentialAction\":[{\"@type\":\"ReadAction\",\"target\":[\"https:\/\/www.embalafacil.es\/?page_id=4018\"]}]},{\"@type\":\"BreadcrumbList\",\"@id\":\"https:\/\/www.embalafacil.es\/?page_id=4018#breadcrumb\",\"itemListElement\":[{\"@type\":\"ListItem\",\"position\":1,\"name\":\"Portada\",\"item\":\"https:\/\/www.embalafacil.es\/\"},{\"@type\":\"ListItem\",\"position\":2,\"name\":\"Pol\u00edtica de garant\u00eda\"}]},{\"@type\":\"WebSite\",\"@id\":\"https:\/\/www.embalafacil.es\/#website\",\"url\":\"https:\/\/www.embalafacil.es\/\",\"name\":\"Cajas\",\"description\":\"Cartonajes y servicios de packaging\",\"potentialAction\":[{\"@type\":\"SearchAction\",\"target\":{\"@type\":\"EntryPoint\",\"urlTemplate\":\"https:\/\/www.embalafacil.es\/?s={search_term_string}\"},\"query-input\":{\"@type\":\"PropertyValueSpecification\",\"valueRequired\":true,\"valueName\":\"search_term_string\"}}],\"inLanguage\":\"es\"}]}<\/script>\n<!-- \/ Yoast SEO plugin. -->","yoast_head_json":{"title":"Pol\u00edtica de garant\u00eda - Cajas","robots":{"index":"index","follow":"follow","max-snippet":"max-snippet:-1","max-image-preview":"max-image-preview:large","max-video-preview":"max-video-preview:-1"},"canonical":"https:\/\/www.embalafacil.es\/?page_id=4018","og_locale":"es_ES","og_type":"article","og_title":"Pol\u00edtica de garant\u00eda - Cajas","og_description":"[vc_row][vc_column][vc_column_text animation_delay=\u00bb0&#8243;] Pol\u00edticas de garant\u00eda ANEXO \u201cCondiciones Generales de Garant\u00eda\u201d Materiales que por su propia naturaleza est\u00e1n sometidos a un determinado nivel de riesgo de fallo, supuesto en el que se le atender\u00e1 en garant\u00eda, en los t\u00e9rminos y condiciones generales contenidos en este texto, sin perjuicio de que las normativas espec\u00edficas puedan ampliar plazos [&hellip;]","og_url":"https:\/\/www.embalafacil.es\/?page_id=4018","og_site_name":"Cajas","article_modified_time":"2022-10-14T06:36:07+00:00","twitter_card":"summary_large_image","twitter_misc":{"Tiempo de lectura":"5 minutos"},"schema":{"@context":"https:\/\/schema.org","@graph":[{"@type":"WebPage","@id":"https:\/\/www.embalafacil.es\/?page_id=4018","url":"https:\/\/www.embalafacil.es\/?page_id=4018","name":"Pol\u00edtica de garant\u00eda - Cajas","isPartOf":{"@id":"https:\/\/www.embalafacil.es\/#website"},"datePublished":"2020-09-24T11:14:31+00:00","dateModified":"2022-10-14T06:36:07+00:00","breadcrumb":{"@id":"https:\/\/www.embalafacil.es\/?page_id=4018#breadcrumb"},"inLanguage":"es","potentialAction":[{"@type":"ReadAction","target":["https:\/\/www.embalafacil.es\/?page_id=4018"]}]},{"@type":"BreadcrumbList","@id":"https:\/\/www.embalafacil.es\/?page_id=4018#breadcrumb","itemListElement":[{"@type":"ListItem","position":1,"name":"Portada","item":"https:\/\/www.embalafacil.es\/"},{"@type":"ListItem","position":2,"name":"Pol\u00edtica de garant\u00eda"}]},{"@type":"WebSite","@id":"https:\/\/www.embalafacil.es\/#website","url":"https:\/\/www.embalafacil.es\/","name":"Cajas","description":"Cartonajes y servicios de packaging","potentialAction":[{"@type":"SearchAction","target":{"@type":"EntryPoint","urlTemplate":"https:\/\/www.embalafacil.es\/?s={search_term_string}"},"query-input":{"@type":"PropertyValueSpecification","valueRequired":true,"valueName":"search_term_string"}}],"inLanguage":"es"}]}},"_links":{"self":[{"href":"https:\/\/www.embalafacil.es\/index.php?rest_route=\/wp\/v2\/pages\/4018","targetHints":{"allow":["GET"]}}],"collection":[{"href":"https:\/\/www.embalafacil.es\/index.php?rest_route=\/wp\/v2\/pages"}],"about":[{"href":"https:\/\/www.embalafacil.es\/index.php?rest_route=\/wp\/v2\/types\/page"}],"author":[{"embeddable":true,"href":"https:\/\/www.embalafacil.es\/index.php?rest_route=\/wp\/v2\/users\/1"}],"replies":[{"embeddable":true,"href":"https:\/\/www.embalafacil.es\/index.php?rest_route=%2Fwp%2Fv2%2Fcomments&post=4018"}],"version-history":[{"count":6,"href":"https:\/\/www.embalafacil.es\/index.php?rest_route=\/wp\/v2\/pages\/4018\/revisions"}],"predecessor-version":[{"id":4575,"href":"https:\/\/www.embalafacil.es\/index.php?rest_route=\/wp\/v2\/pages\/4018\/revisions\/4575"}],"wp:attachment":[{"href":"https:\/\/www.embalafacil.es\/index.php?rest_route=%2Fwp%2Fv2%2Fmedia&parent=4018"}],"curies":[{"name":"wp","href":"https:\/\/api.w.org\/{rel}","templated":true}]}}